{"id":499,"date":"2025-09-12T11:25:17","date_gmt":"2025-09-12T09:25:17","guid":{"rendered":"https:\/\/komlife.22projects.sk\/csaladi-gondoskodas\/felnottek\/szabadido-es-kozossegi-elet\/"},"modified":"2026-02-23T16:18:46","modified_gmt":"2026-02-23T15:18:46","slug":"szabadido-es-kozossegi-elet","status":"publish","type":"page","link":"https:\/\/komlife.eu\/hu\/csaladi-gondoskodas\/felnottek\/szabadido-es-kozossegi-elet\/","title":{"rendered":"Szabadid\u0151 \u00e9s k\u00f6z\u00f6ss\u00e9gi \u00e9let"},"content":{"rendered":"\n<h3 class=\"wp-block-heading\">Kult\u00fara \u00e9s t\u00e1rsas\u00e1gi \u00e9let<\/h3>\n\n<div class=\"wp-block-columns is-layout-flex wp-container-core-columns-is-layout-28f84493 wp-block-columns-is-layout-flex\">\n<div class=\"wp-block-column is-vertically-aligned-center is-layout-flow wp-block-column-is-layout-flow\">\n<h4 class=\"wp-block-heading\">Egressy B\u00e9ni V\u00e1rosi M\u0171vel\u0151d\u00e9si K\u00f6zpont<\/h4>\n\n\n\n<p>A v\u00e1ros kultur\u00e1lis k\u00f6zpontja gazdag programk\u00edn\u00e1lattal \u2013 koncertek, sz\u00ednh\u00e1zi el\u0151ad\u00e1sok, ki\u00e1ll\u00edt\u00e1sok \u00e9s kreat\u00edv m\u0171helyek. Az int\u00e9zm\u00e9ny a Hradn\u00e1 1. sz\u00e1m alatt tal\u00e1lhat\u00f3, nagy sz\u00ednh\u00e1zteremmel (t\u00f6bb mint 600 f\u00e9r\u0151hely), d\u00edszteremmel \u00e9s kisebb klubhelyis\u00e9gekkel.<\/p>\n\n\n\n<p><strong>C\u00edm:<\/strong> Hradn\u00e1 1, 945 01 Kom\u00e1rno<br\/><strong>Web:<\/strong> <a href=\"https:\/\/mskskomarno.sk\">mskskomarno.sk<\/a><br\/><strong>E-mail:<\/strong> <a href=\"mailto:info@mskskomarno.sk\">info@mskskomarno.sk<\/a><br\/><\/p>\n<\/div>\n\n\n\n<div class=\"wp-block-column is-layout-flow wp-block-column-is-layout-flow\">\n<figure class=\"wp-block-image size-large\"><img fetchpriority=\"high\" decoding=\"async\" width=\"1024\" height=\"682\" src=\"https:\/\/komlife.eu\/wp-content\/uploads\/2025\/11\/vmk-nagyterem1-Egyedi-1-1024x682.jpg\" alt=\"\" class=\"wp-image-1465\" srcset=\"https:\/\/komlife.eu\/wp-content\/uploads\/2025\/11\/vmk-nagyterem1-Egyedi-1-1024x682.jpg 1024w, https:\/\/komlife.eu\/wp-content\/uploads\/2025\/11\/vmk-nagyterem1-Egyedi-1-300x200.jpg 300w, https:\/\/komlife.eu\/wp-content\/uploads\/2025\/11\/vmk-nagyterem1-Egyedi-1-768x512.jpg 768w, https:\/\/komlife.eu\/wp-content\/uploads\/2025\/11\/vmk-nagyterem1-Egyedi-1.jpg 1280w\" sizes=\"(max-width: 1024px) 100vw, 1024px\" \/><\/figure>\n<\/div>\n<\/div>\n\n<div class=\"wp-block-columns is-layout-flex wp-container-core-columns-is-layout-28f84493 wp-block-columns-is-layout-flex\">\n<div class=\"wp-block-column is-vertically-aligned-center is-layout-flow wp-block-column-is-layout-flow\">\n<h4 class=\"wp-block-heading\">J\u00f3kai Sz\u00ednh\u00e1z<\/h4>\n\n\n\n<p>A magyar nemzetis\u00e9gi kisebbs\u00e9g sz\u00ednh\u00e1za, amely t\u00f6rt\u00e9netileg a Magyar Ter\u00fcleti Sz\u00ednh\u00e1z hagyom\u00e1nyait folytatja. A modern \u00e9p\u00fclet 1987-ben k\u00e9sz\u00fclt el, mely helyet ad pr\u00f3zai daraboknak, musicaleknek \u00e9s v\u00edgj\u00e1t\u00e9koknak.<\/p>\n\n\n\n<p><strong>C\u00edm:<\/strong> Pet\u0151fiho 1, 945 01 Kom\u00e1rno<br\/><strong>Tel.:<\/strong> <a href=\"tel:421357908116\">+421 35 7908 116<\/a><br\/><strong>Web:<\/strong> <a href=\"https:\/\/jokai.sk\">jokai.sk<\/a><\/p>\n<\/div>\n\n\n\n<div class=\"wp-block-column is-layout-flow wp-block-column-is-layout-flow\">\n<figure class=\"wp-block-image size-large\"><img decoding=\"async\" width=\"1024\" height=\"682\" src=\"https:\/\/komlife.eu\/wp-content\/uploads\/2025\/09\/JokaiSzinhaz-Epulet-1024x682.jpg\" alt=\"\" class=\"wp-image-383\" srcset=\"https:\/\/komlife.eu\/wp-content\/uploads\/2025\/09\/JokaiSzinhaz-Epulet-1024x682.jpg 1024w, https:\/\/komlife.eu\/wp-content\/uploads\/2025\/09\/JokaiSzinhaz-Epulet-300x200.jpg 300w, https:\/\/komlife.eu\/wp-content\/uploads\/2025\/09\/JokaiSzinhaz-Epulet-768x512.jpg 768w, https:\/\/komlife.eu\/wp-content\/uploads\/2025\/09\/JokaiSzinhaz-Epulet-1536x1023.jpg 1536w, https:\/\/komlife.eu\/wp-content\/uploads\/2025\/09\/JokaiSzinhaz-Epulet.jpg 1920w\" sizes=\"(max-width: 1024px) 100vw, 1024px\" \/><\/figure>\n<\/div>\n<\/div>\n\n<div class=\"wp-block-columns is-layout-flex wp-container-core-columns-is-layout-28f84493 wp-block-columns-is-layout-flex\">\n<div class=\"wp-block-column is-layout-flow wp-block-column-is-layout-flow\">\n<h4 class=\"wp-block-heading\">Tatra Mozi<\/h4>\n\n\n\n<p>Kom\u00e1rom ikonikus filmsz\u00ednh\u00e1za, ahol a leg\u00fajabb premierfilmek mellett m\u0171v\u00e9szfilmek \u00e9s gyerekeknek sz\u00f3l\u00f3 vet\u00edt\u00e9sek is helyet kapnak. A mozi modern hang- \u00e9s vet\u00edt\u00e9stechnik\u00e1val, k\u00e9nyelmes \u00fcl\u00e9sekkel \u00e9s bar\u00e1ts\u00e1gos atmoszf\u00e9r\u00e1val v\u00e1rja a l\u00e1togat\u00f3kat eg\u00e9sz \u00e9vben.<\/p>\n\n\n\n<p><strong>C\u00edm:<\/strong> \u017dupn\u00e1 ulica 16, 945 01 Kom\u00e1rno<br\/><strong>Web:<\/strong> <a href=\"https:\/\/kinotatra.sk\">kinotatra.sk<\/a><br\/><strong>Email:<\/strong> <a href=\"mailto:kinotatra.technik@gmail.com\">kinotatra.technik@gmail.com<\/a><\/p>\n<\/div>\n\n\n\n<div class=\"wp-block-column is-layout-flow wp-block-column-is-layout-flow\">\n<figure class=\"wp-block-image size-full\"><img decoding=\"async\" width=\"960\" height=\"640\" src=\"https:\/\/komlife.eu\/wp-content\/uploads\/2025\/11\/38444465_2156215404621115_5238752652392660992_n.jpg\" alt=\"\" class=\"wp-image-1463\" srcset=\"https:\/\/komlife.eu\/wp-content\/uploads\/2025\/11\/38444465_2156215404621115_5238752652392660992_n.jpg 960w, https:\/\/komlife.eu\/wp-content\/uploads\/2025\/11\/38444465_2156215404621115_5238752652392660992_n-300x200.jpg 300w, https:\/\/komlife.eu\/wp-content\/uploads\/2025\/11\/38444465_2156215404621115_5238752652392660992_n-768x512.jpg 768w\" sizes=\"(max-width: 960px) 100vw, 960px\" \/><\/figure>\n<\/div>\n<\/div>\n\n<div class=\"wp-block-columns is-layout-flex wp-container-core-columns-is-layout-28f84493 wp-block-columns-is-layout-flex\">\n<div class=\"wp-block-column is-vertically-aligned-center is-layout-flow wp-block-column-is-layout-flow\">\n<h4 class=\"wp-block-heading\">Matica-h\u00e1z \u00c9szak-Kom\u00e1romban<\/h4>\n\n\n\n<p>\u00c9l\u0151 k\u00f6z\u00f6ss\u00e9gi t\u00e9r, ahol a m\u0171v\u00e9szet, a hagyom\u00e1nyok \u00e9s az akt\u00edv \u00e9letm\u00f3d kedvel\u0151i tal\u00e1lkoznak \u2013 minden koroszt\u00e1lyb\u00f3l.<\/p>\n\n\n\n<p>A Matica-h\u00e1z sikeres m\u0171v\u00e9szeti egy\u00fcttesek \u00e9s szabadid\u0151s csoportok otthona, amelyek a v\u00e1rost itthon \u00e9s k\u00fclf\u00f6ld\u00f6n is k\u00e9pviselik. A folkl\u00f3r ihlette <strong>Slovensk\u00ed rebeli<\/strong> egy\u00fcttes a hagyom\u00e1nyokat modern form\u00e1ban, leny\u0171g\u00f6z\u0151 m\u00f3don dolgozza fel. A <strong>Drama\u0165\u00e1k<\/strong> n\u00e9pszer\u0171 gyermek- \u00e9s ifj\u00fas\u00e1gi sz\u00ednj\u00e1tsz\u00f3 csoport. A <strong>Divadlo Komora<\/strong> az els\u0151 professzion\u00e1lis szlov\u00e1k sz\u00ednh\u00e1z. A <strong>Vesel\u00e1 kapela<\/strong> f\u00fav\u00f3szen\u00e9t j\u00e1tszik. <\/p>\n\n\n\n<p>Az int\u00e9zm\u00e9ny 3 t\u00fckr\u00f6s teremmel \u00e9s egy t\u00e1gas, 379 f\u00e9r\u0151helyes nagyteremmel rendelkezik.<\/p>\n\n\n\n<p><strong>Web:<\/strong> <a href=\"https:\/\/www.dmskomarno.sk\">www.dmskomarno.sk<\/a><br\/><strong>E-mail:<\/strong> <a href=\"mailto:dms.komarno@matica.sk\">dms.komarno@matica.sk<\/a><br\/><strong>Telefon:<\/strong> <a href=\"tel:0905405455\">0905 405 455<\/a><br\/><strong>C\u00edm:<\/strong> N\u00e1m. M. R. \u0160tef\u00e1nika 6, 945 01 Kom\u00e1rno<\/p>\n<\/div>\n\n\n\n<div class=\"wp-block-column is-layout-flow wp-block-column-is-layout-flow\">\n<div class=\"wp-block-columns is-layout-flex wp-container-core-columns-is-layout-28f84493 wp-block-columns-is-layout-flex\">\n<div class=\"wp-block-column is-layout-flow wp-block-column-is-layout-flow\">\n<figure class=\"wp-block-image size-full\"><img loading=\"lazy\" decoding=\"async\" width=\"800\" height=\"463\" src=\"https:\/\/komlife.eu\/wp-content\/uploads\/2026\/02\/DMS-1-1.png\" alt=\"\" class=\"wp-image-1910\" srcset=\"https:\/\/komlife.eu\/wp-content\/uploads\/2026\/02\/DMS-1-1.png 800w, https:\/\/komlife.eu\/wp-content\/uploads\/2026\/02\/DMS-1-1-300x174.png 300w, https:\/\/komlife.eu\/wp-content\/uploads\/2026\/02\/DMS-1-1-768x444.png 768w\" sizes=\"(max-width: 800px) 100vw, 800px\" \/><\/figure>\n<\/div>\n<\/div>\n<\/div>\n<\/div>\n\n<h3 class=\"wp-block-heading\">M\u00fazeumok \u00e9s t\u00f6rt\u00e9nelmi eml\u00e9kek<\/h3>\n\n<div class=\"wp-block-columns is-layout-flex wp-container-core-columns-is-layout-28f84493 wp-block-columns-is-layout-flex\">\n<div class=\"wp-block-column is-layout-flow wp-block-column-is-layout-flow\">\n<figure class=\"wp-block-image size-full\"><img loading=\"lazy\" decoding=\"async\" width=\"690\" height=\"343\" src=\"https:\/\/komlife.eu\/wp-content\/uploads\/2025\/11\/IMG_0037.jpg\" alt=\"\" class=\"wp-image-1467\" srcset=\"https:\/\/komlife.eu\/wp-content\/uploads\/2025\/11\/IMG_0037.jpg 690w, https:\/\/komlife.eu\/wp-content\/uploads\/2025\/11\/IMG_0037-300x149.jpg 300w\" sizes=\"(max-width: 690px) 100vw, 690px\" \/><\/figure>\n<\/div>\n\n\n\n<div class=\"wp-block-column is-vertically-aligned-center is-layout-flow wp-block-column-is-layout-flow\">\n<h4 class=\"wp-block-heading\">Duna Menti M\u00fazeum<\/h4>\n\n\n\n<p>A r\u00e9gi\u00f3 t\u00f6rt\u00e9net\u00e9re, term\u00e9szettudom\u00e1ny\u00e1ra \u00e9s m\u0171v\u00e9szet\u00e9re f\u00f3kusz\u00e1l. T\u00f6bb ki\u00e1ll\u00edt\u00e1si r\u00e9szleget k\u00edn\u00e1l \u2013 az archeol\u00f3gi\u00e1t\u00f3l a modern m\u0171v\u00e9szetig.<\/p>\n\n\n\n<p><strong>C\u00edm:<\/strong> Palat\u00ednova 13, 945 01 Kom\u00e1rno<br\/><strong>Web:<\/strong> <a href=\"https:\/\/muzeumkn.sk\">muzeumkn.sk<\/a><\/p>\n<\/div>\n<\/div>\n\n<div class=\"wp-block-columns is-layout-flex wp-container-core-columns-is-layout-28f84493 wp-block-columns-is-layout-flex\">\n<div class=\"wp-block-column is-vertically-aligned-center is-layout-flow wp-block-column-is-layout-flow\">\n<h4 class=\"wp-block-heading\">Kom\u00e1romi er\u0151drendszer<\/h4>\n\n\n\n<p>K\u00f6z\u00e9p-Eur\u00f3pa egyik legnagyobb megmaradt er\u0151d\u00edtm\u00e9nyrendszere, vezetett t\u00far\u00e1kkal is l\u00e1togathat\u00f3. vezetett t\u00far\u00e1kkal is l\u00e1togathat\u00f3.<\/p>\n\n\n\n<p><strong>C\u00edm:<\/strong> Hradn\u00e1 142\/1, 945 01 Kom\u00e1rno<br\/><strong>Web:<\/strong> <a href=\"https:\/\/pevnost.komarno.sk\">pevnost.komarno.sk<\/a><\/p>\n<\/div>\n\n\n\n<div class=\"wp-block-column is-layout-flow wp-block-column-is-layout-flow\">\n<figure class=\"wp-block-image size-large\"><img loading=\"lazy\" decoding=\"async\" width=\"1024\" height=\"683\" src=\"https:\/\/komlife.eu\/wp-content\/uploads\/2025\/09\/pevnost-1024x683.jpg\" alt=\"\" class=\"wp-image-384\" srcset=\"https:\/\/komlife.eu\/wp-content\/uploads\/2025\/09\/pevnost-1024x683.jpg 1024w, https:\/\/komlife.eu\/wp-content\/uploads\/2025\/09\/pevnost-300x200.jpg 300w, https:\/\/komlife.eu\/wp-content\/uploads\/2025\/09\/pevnost-768x512.jpg 768w, https:\/\/komlife.eu\/wp-content\/uploads\/2025\/09\/pevnost-1536x1024.jpg 1536w, https:\/\/komlife.eu\/wp-content\/uploads\/2025\/09\/pevnost.jpg 1920w\" sizes=\"(max-width: 1024px) 100vw, 1024px\" \/><\/figure>\n<\/div>\n<\/div>\n\n<h3 class=\"wp-block-heading\">Term\u00e9szet \u00e9s kikapcsol\u00f3d\u00e1s<\/h3>\n\n<div class=\"wp-block-columns is-layout-flex wp-container-core-columns-is-layout-28f84493 wp-block-columns-is-layout-flex\">\n<div class=\"wp-block-column is-layout-flow wp-block-column-is-layout-flow\">\n<figure class=\"wp-block-image size-large\"><img loading=\"lazy\" decoding=\"async\" width=\"1024\" height=\"410\" src=\"https:\/\/komlife.eu\/wp-content\/uploads\/2026\/01\/nagyfa-1-1024x410.jpg\" alt=\"\" class=\"wp-image-1685\" srcset=\"https:\/\/komlife.eu\/wp-content\/uploads\/2026\/01\/nagyfa-1-1024x410.jpg 1024w, https:\/\/komlife.eu\/wp-content\/uploads\/2026\/01\/nagyfa-1-300x120.jpg 300w, https:\/\/komlife.eu\/wp-content\/uploads\/2026\/01\/nagyfa-1-768x307.jpg 768w, https:\/\/komlife.eu\/wp-content\/uploads\/2026\/01\/nagyfa-1.jpg 1405w\" sizes=\"(max-width: 1024px) 100vw, 1024px\" \/><\/figure>\n<\/div>\n\n\n\n<div class=\"wp-block-column is-vertically-aligned-center is-layout-flow wp-block-column-is-layout-flow\">\n<h4 class=\"wp-block-heading\">Erzs\u00e9bet-sziget<\/h4>\n\n\n\n<p>Pihen\u0151\u00f6vezet a Duna partj\u00e1n s\u00e9t\u00e1nyokkal, ker\u00e9kp\u00e1rutakkal, padokkal \u00e9s \u00e9ttermekkel. Ide\u00e1lis s\u00e9t\u00e1hoz vagy piknikhez.<\/p>\n<\/div>\n<\/div>\n\n<div class=\"wp-block-columns is-layout-flex wp-container-core-columns-is-layout-28f84493 wp-block-columns-is-layout-flex\">\n<div class=\"wp-block-column is-vertically-aligned-center is-layout-flow wp-block-column-is-layout-flow\">\n<h4 class=\"wp-block-heading\">Kom\u00e1romi Term\u00e1lf\u00fcrd\u0151<\/h4>\n\n\n\n<p>A kikapcsol\u00f3d\u00e1s \u00e9s a sport\u00fasz\u00e1s helysz\u00edne. A ny\u00e1ri szezonban minden koroszt\u00e1ly sz\u00e1m\u00e1ra k\u00edn\u00e1l medenc\u00e9ket.<\/p>\n\n\n\n<p><strong>C\u00edm:<\/strong> Priate\u013estva 2, 945 01 Kom\u00e1rno<\/p>\n<\/div>\n\n\n\n<div class=\"wp-block-column is-layout-flow wp-block-column-is-layout-flow\">\n<figure class=\"wp-block-image size-large\"><img loading=\"lazy\" decoding=\"async\" width=\"1024\" height=\"682\" src=\"https:\/\/komlife.eu\/wp-content\/uploads\/2025\/09\/termalfurdo-1024x682.jpg\" alt=\"\" class=\"wp-image-385\" srcset=\"https:\/\/komlife.eu\/wp-content\/uploads\/2025\/09\/termalfurdo-1024x682.jpg 1024w, https:\/\/komlife.eu\/wp-content\/uploads\/2025\/09\/termalfurdo-300x200.jpg 300w, https:\/\/komlife.eu\/wp-content\/uploads\/2025\/09\/termalfurdo-768x512.jpg 768w, https:\/\/komlife.eu\/wp-content\/uploads\/2025\/09\/termalfurdo.jpg 1280w\" sizes=\"(max-width: 1024px) 100vw, 1024px\" \/><\/figure>\n<\/div>\n<\/div>\n\n<div class=\"wp-block-columns is-layout-flex wp-container-core-columns-is-layout-28f84493 wp-block-columns-is-layout-flex\">\n<div class=\"wp-block-column is-layout-flow wp-block-column-is-layout-flow\">\n<figure class=\"wp-block-image size-large\"><img loading=\"lazy\" decoding=\"async\" width=\"1024\" height=\"576\" src=\"https:\/\/komlife.eu\/wp-content\/uploads\/2026\/01\/kerekparral-1536x864-1-1024x576.jpg\" alt=\"\" class=\"wp-image-1682\" srcset=\"https:\/\/komlife.eu\/wp-content\/uploads\/2026\/01\/kerekparral-1536x864-1-1024x576.jpg 1024w, https:\/\/komlife.eu\/wp-content\/uploads\/2026\/01\/kerekparral-1536x864-1-300x169.jpg 300w, https:\/\/komlife.eu\/wp-content\/uploads\/2026\/01\/kerekparral-1536x864-1-768x432.jpg 768w, https:\/\/komlife.eu\/wp-content\/uploads\/2026\/01\/kerekparral-1536x864-1.jpg 1536w\" sizes=\"(max-width: 1024px) 100vw, 1024px\" \/><\/figure>\n<\/div>\n\n\n\n<div class=\"wp-block-column is-vertically-aligned-center is-layout-flow wp-block-column-is-layout-flow\">\n<h4 class=\"wp-block-heading\">Duna menti ker\u00e9kp\u00e1rutak<\/h4>\n\n\n\n<p>Kom\u00e1rom az EuroVelo 6 nemzetk\u00f6zi ker\u00e9kp\u00e1r\u00fat r\u00e9sze, amely a Duna ment\u00e9n halad, gy\u00f6ny\u00f6r\u0171 kil\u00e1t\u00e1st ny\u00fajtva \u00e9s lehet\u0151s\u00e9get adva a k\u00f6rnyez\u0151 falvak felfedez\u00e9s\u00e9re.<\/p>\n<\/div>\n<\/div>\n\n<h3 class=\"wp-block-heading\">K\u00f6z\u00f6ss\u00e9gi k\u00f6zpontok \u00e9s szabadid\u0151s programok<\/h3>\n\n<div class=\"wp-block-columns is-layout-flex wp-container-core-columns-is-layout-28f84493 wp-block-columns-is-layout-flex\">\n<div class=\"wp-block-column is-vertically-aligned-center is-layout-flow wp-block-column-is-layout-flow\">\n<h4 class=\"wp-block-heading\">Szabadid\u0151k\u00f6zpont \u2013 Centrum vo\u013en\u00e9ho \u010dasu<\/h4>\n\n\n\n<p>Szakk\u00f6r\u00f6k, t\u00e1borok, kreat\u00edv m\u0171helyek \u00e9s sportprogramok minden koroszt\u00e1lynak.<\/p>\n\n\n\n<p><strong>Web: <\/strong><a href=\"https:\/\/www.facebook.com\/CVCKomarno\/\">facebook.com\/CVCKomarno<\/a><\/p>\n<\/div>\n\n\n\n<div class=\"wp-block-column is-layout-flow wp-block-column-is-layout-flow\">\n<figure class=\"wp-block-image size-large\"><img loading=\"lazy\" decoding=\"async\" width=\"1024\" height=\"683\" src=\"https:\/\/komlife.eu\/wp-content\/uploads\/2026\/01\/IMG_5613-Custom-1024x683.jpg\" alt=\"\" class=\"wp-image-1683\" srcset=\"https:\/\/komlife.eu\/wp-content\/uploads\/2026\/01\/IMG_5613-Custom-1024x683.jpg 1024w, https:\/\/komlife.eu\/wp-content\/uploads\/2026\/01\/IMG_5613-Custom-300x200.jpg 300w, https:\/\/komlife.eu\/wp-content\/uploads\/2026\/01\/IMG_5613-Custom-768x512.jpg 768w, https:\/\/komlife.eu\/wp-content\/uploads\/2026\/01\/IMG_5613-Custom.jpg 1050w\" sizes=\"(max-width: 1024px) 100vw, 1024px\" \/><\/figure>\n<\/div>\n<\/div>\n\n<div class=\"wp-block-columns is-layout-flex wp-container-core-columns-is-layout-28f84493 wp-block-columns-is-layout-flex\">\n<div class=\"wp-block-column is-layout-flow wp-block-column-is-layout-flow\">\n<figure class=\"wp-block-image size-full\"><img loading=\"lazy\" decoding=\"async\" width=\"909\" height=\"682\" src=\"https:\/\/komlife.eu\/wp-content\/uploads\/2026\/01\/296320460_7856765601063612_621246867797607293_n-909x682-1.jpg\" alt=\"\" class=\"wp-image-1684\" srcset=\"https:\/\/komlife.eu\/wp-content\/uploads\/2026\/01\/296320460_7856765601063612_621246867797607293_n-909x682-1.jpg 909w, https:\/\/komlife.eu\/wp-content\/uploads\/2026\/01\/296320460_7856765601063612_621246867797607293_n-909x682-1-300x225.jpg 300w, https:\/\/komlife.eu\/wp-content\/uploads\/2026\/01\/296320460_7856765601063612_621246867797607293_n-909x682-1-768x576.jpg 768w\" sizes=\"(max-width: 909px) 100vw, 909px\" \/><\/figure>\n<\/div>\n\n\n\n<div class=\"wp-block-column is-vertically-aligned-center is-layout-flow wp-block-column-is-layout-flow\">\n<h4 class=\"wp-block-heading\">Kom\u00e1romi Inform\u00e1ci\u00f3s K\u00f6zpont<\/h4>\n\n\n\n<p>T\u00e9rk\u00e9peket, kir\u00e1ndul\u00e1si tippeket \u00e9s aktu\u00e1lis programaj\u00e1nl\u00f3kat k\u00edn\u00e1l.<\/p>\n\n\n\n<p><strong>C\u00edm:<\/strong> N\u00e1m. gen. Klapku 5, 945 01 Kom\u00e1rno<br\/><strong>E-mail:<\/strong> <a href=\"mailto:marketing@podunajsko.sk\">marketing@podunajsko.sk<br\/><\/a><strong>Tel:<\/strong> <a href=\"tel:421948830202\">+421 948 830 202<\/a><br\/><strong>Web: <\/strong><a href=\"https:\/\/www.visitdanube.eu\">www.visitdanube.eu<\/a><br\/><strong>FB: <\/strong><a href=\"https:\/\/www.facebook.com\/visitdanube\/\">facebook.com\/visitdanube\/<\/a><br\/><a href=\"https:\/\/www.facebook.com\/dunamente\/\">facebook.com\/dunamente\/<\/a><\/p>\n<\/div>\n<\/div>\n","protected":false},"excerpt":{"rendered":"<p>Kult\u00fara \u00e9s t\u00e1rsas\u00e1gi \u00e9let Egressy B\u00e9ni V\u00e1rosi M\u0171vel\u0151d\u00e9si K\u00f6zpont A v\u00e1ros kultur\u00e1lis k\u00f6zpontja gazdag programk\u00edn\u00e1lattal \u2013 koncertek, sz\u00ednh\u00e1zi el\u0151ad\u00e1sok, ki\u00e1ll\u00edt\u00e1sok \u00e9s kreat\u00edv m\u0171helyek. Az int\u00e9zm\u00e9ny a Hradn\u00e1 1. sz\u00e1m alatt tal\u00e1lhat\u00f3, nagy sz\u00ednh\u00e1zteremmel (t\u00f6bb mint 600 f\u00e9r\u0151hely), d\u00edszteremmel \u00e9s kisebb klubhelyis\u00e9gekkel. C\u00edm: Hradn\u00e1 1, 945 01 Kom\u00e1rnoWeb: mskskomarno.skE-mail: info@mskskomarno.sk J\u00f3kai Sz\u00ednh\u00e1z A magyar nemzetis\u00e9gi kisebbs\u00e9g [&hellip;]<\/p>\n","protected":false},"author":2,"featured_media":860,"parent":474,"menu_order":0,"comment_status":"closed","ping_status":"closed","template":"","meta":{"_acf_changed":false,"footnotes":""},"hlavna-kategoria":[],"class_list":["post-499","page","type-page","status-publish","has-post-thumbnail","hentry"],"acf":[],"_links":{"self":[{"href":"https:\/\/komlife.eu\/hu\/wp-json\/wp\/v2\/pages\/499","targetHints":{"allow":["GET"]}}],"collection":[{"href":"https:\/\/komlife.eu\/hu\/wp-json\/wp\/v2\/pages"}],"about":[{"href":"https:\/\/komlife.eu\/hu\/wp-json\/wp\/v2\/types\/page"}],"author":[{"embeddable":true,"href":"https:\/\/komlife.eu\/hu\/wp-json\/wp\/v2\/users\/2"}],"replies":[{"embeddable":true,"href":"https:\/\/komlife.eu\/hu\/wp-json\/wp\/v2\/comments?post=499"}],"version-history":[{"count":6,"href":"https:\/\/komlife.eu\/hu\/wp-json\/wp\/v2\/pages\/499\/revisions"}],"predecessor-version":[{"id":1924,"href":"https:\/\/komlife.eu\/hu\/wp-json\/wp\/v2\/pages\/499\/revisions\/1924"}],"up":[{"embeddable":true,"href":"https:\/\/komlife.eu\/hu\/wp-json\/wp\/v2\/pages\/474"}],"wp:featuredmedia":[{"embeddable":true,"href":"https:\/\/komlife.eu\/hu\/wp-json\/wp\/v2\/media\/860"}],"wp:attachment":[{"href":"https:\/\/komlife.eu\/hu\/wp-json\/wp\/v2\/media?parent=499"}],"wp:term":[{"taxonomy":"hlavna-kategoria","embeddable":true,"href":"https:\/\/komlife.eu\/hu\/wp-json\/wp\/v2\/hlavna-kategoria?post=499"}],"curies":[{"name":"wp","href":"https:\/\/api.w.org\/{rel}","templated":true}]}}