{"id":1117,"date":"2025-10-29T08:49:31","date_gmt":"2025-10-29T07:49:31","guid":{"rendered":"https:\/\/komlife.22projects.sk\/terhesseg-es-szulove-valas\/szules\/nogyogyaszati-es-szuleszeti-osztaly-agel-komarno\/"},"modified":"2025-11-20T16:12:43","modified_gmt":"2025-11-20T15:12:43","slug":"nogyogyaszati-es-szuleszeti-osztaly-agel-komarno","status":"publish","type":"page","link":"https:\/\/komlife.eu\/hu\/terhesseg-es-szulove-valas\/szules\/nogyogyaszati-es-szuleszeti-osztaly-agel-komarno\/","title":{"rendered":"N\u0151gy\u00f3gy\u00e1szati \u00e9s Sz\u00fcl\u00e9szeti Oszt\u00e1ly (AGEL Kom\u00e1rno)"},"content":{"rendered":"\n<p>Az AGEL K\u00f3rh\u00e1z sz\u00fcl\u00e9szeti \u00e9s n\u0151gy\u00f3gy\u00e1szati oszt\u00e1ly\u00e1t <strong>MUDr. Oleksandr\u202fYazykov <\/strong>sz\u00fcl\u00e9sz-n\u0151gy\u00f3gy\u00e1sz szakorvos vezeti. A csapatot tapasztalt orvosok \u00e9s sz\u00fcl\u00e9szn\u0151k alkotj\u00e1k, akik teljes k\u00f6r\u0171 ell\u00e1t\u00e1st biztos\u00edtanak a v\u00e1rand\u00f3sok \u00e9s \u00fajsz\u00fcl\u00f6ttek sz\u00e1m\u00e1ra.<br\/> <\/p>\n\n<p>A f\u0151bb orvosok k\u00f6z\u00e9 tartoznak:<\/p>\n\n<ul class=\"wp-block-list\">\n<li><strong>MUDr. Angelika G\u0151ghov\u00e1<\/strong> \u2013 sz\u00fcl\u00e9sz-n\u0151gy\u00f3gy\u00e1sz<\/li>\n\n\n\n<li><strong>MUDr. Zolt\u00e1n Heged\u0171s <\/strong><\/li>\n\n\n\n<li><strong>MUDr. So\u0148a Vala\u0161\u00edkov\u00e1 <\/strong><\/li>\n\n\n\n<li><strong>MUDr. Katalin W\u00e1gner <\/strong>, <strong>Sofia Szab\u00f3<\/strong>, <strong>Vanesa Mikul\u00e1\u0161ov\u00e1<\/strong> \u00e9s tov\u00e1bbi szakorvosok.<a href=\"https:\/\/nemocnicakomarno.agel.sk\/pracoviska\/oddelenia\/gynpor.html?utm_source=chatgpt.com\"> <\/a><\/li>\n<\/ul>\n\n<p>Az orvosok teljes, aktu\u00e1lis n\u00e9vsor\u00e1t, a szakir\u00e1nyokat \u00e9s az el\u00e9rhet\u0151s\u00e9geket megtekintheti a k\u00f3rh\u00e1z honlapj\u00e1n.<\/p>\n\n<div class=\"wp-block-buttons is-layout-flex wp-block-buttons-is-layout-flex\">\n<div class=\"wp-block-button\"><a class=\"wp-block-button__link wp-element-button\" href=\"https:\/\/nemocnicakomarno.agel.sk\/veduci-zamestnanci\/gynpor.html\"> Az AGEL Kom\u00e1rno orvosainak aktu\u00e1lis list\u00e1ja<\/a><\/div>\n<\/div>\n\n<h3 class=\"wp-block-heading\"><strong>Mi\u00e9rt \u00e9rdemes az AGEL K\u00f3rh\u00e1zat v\u00e1lasztani?<\/strong><\/h3>\n\n<ul class=\"wp-block-list\">\n<li>Modern, teljes k\u00f6r\u0171en felszerelt oszt\u00e1ly 21 \u00e1ggyal a vesz\u00e9lyeztetett terhess\u00e9gek sz\u00e1m\u00e1ra, k\u00e9nyelmes szob\u00e1kkal \u00e9s klimatiz\u00e1lt sz\u00fcl\u0151boxokkal<br\/><\/li>\n\n\n\n<li>Lehet\u0151s\u00e9g pszichofizikai felk\u00e9sz\u00fcl\u00e9sre, partner jelenl\u00e9t\u00e9re a sz\u00fcl\u00e9sn\u00e9l, epidur\u00e1lis \u00e9rz\u00e9stelen\u00edt\u00e9sre, hidroter\u00e1pi\u00e1ra \u00e9s m\u00e1s t\u00e1mogat\u00f3 szolg\u00e1ltat\u00e1sokra<br\/><\/li>\n\n\n\n<li>Tapasztalt orvosi csapat, amelyben a n\u0151gy\u00f3gy\u00e1szati onkol\u00f3gia \u00e9s a vesz\u00e9lyeztetett terhess\u00e9gek szak\u00e9rt\u0151i is helyet kaptak, munk\u00e1jukat pedig felk\u00e9sz\u00fclt \u00e9s gondoskod\u00f3 sz\u00fcl\u00e9szn\u0151k seg\u00edtik. <\/li>\n<\/ul>\n","protected":false},"excerpt":{"rendered":"<p>Az AGEL K\u00f3rh\u00e1z sz\u00fcl\u00e9szeti \u00e9s n\u0151gy\u00f3gy\u00e1szati oszt\u00e1ly\u00e1t MUDr. Oleksandr\u202fYazykov sz\u00fcl\u00e9sz-n\u0151gy\u00f3gy\u00e1sz szakorvos vezeti. A csapatot tapasztalt orvosok \u00e9s sz\u00fcl\u00e9szn\u0151k alkotj\u00e1k, akik teljes k\u00f6r\u0171 ell\u00e1t\u00e1st biztos\u00edtanak a v\u00e1rand\u00f3sok \u00e9s \u00fajsz\u00fcl\u00f6ttek sz\u00e1m\u00e1ra. A f\u0151bb orvosok k\u00f6z\u00e9 tartoznak: Az orvosok teljes, aktu\u00e1lis n\u00e9vsor\u00e1t, a szakir\u00e1nyokat \u00e9s az el\u00e9rhet\u0151s\u00e9geket megtekintheti a k\u00f3rh\u00e1z honlapj\u00e1n. Mi\u00e9rt \u00e9rdemes az AGEL K\u00f3rh\u00e1zat v\u00e1lasztani?<\/p>\n","protected":false},"author":2,"featured_media":860,"parent":1114,"menu_order":0,"comment_status":"closed","ping_status":"closed","template":"","meta":{"_acf_changed":false,"footnotes":""},"hlavna-kategoria":[],"class_list":["post-1117","page","type-page","status-publish","has-post-thumbnail","hentry"],"acf":[],"_links":{"self":[{"href":"https:\/\/komlife.eu\/hu\/wp-json\/wp\/v2\/pages\/1117","targetHints":{"allow":["GET"]}}],"collection":[{"href":"https:\/\/komlife.eu\/hu\/wp-json\/wp\/v2\/pages"}],"about":[{"href":"https:\/\/komlife.eu\/hu\/wp-json\/wp\/v2\/types\/page"}],"author":[{"embeddable":true,"href":"https:\/\/komlife.eu\/hu\/wp-json\/wp\/v2\/users\/2"}],"replies":[{"embeddable":true,"href":"https:\/\/komlife.eu\/hu\/wp-json\/wp\/v2\/comments?post=1117"}],"version-history":[{"count":0,"href":"https:\/\/komlife.eu\/hu\/wp-json\/wp\/v2\/pages\/1117\/revisions"}],"up":[{"embeddable":true,"href":"https:\/\/komlife.eu\/hu\/wp-json\/wp\/v2\/pages\/1114"}],"wp:featuredmedia":[{"embeddable":true,"href":"https:\/\/komlife.eu\/hu\/wp-json\/wp\/v2\/media\/860"}],"wp:attachment":[{"href":"https:\/\/komlife.eu\/hu\/wp-json\/wp\/v2\/media?parent=1117"}],"wp:term":[{"taxonomy":"hlavna-kategoria","embeddable":true,"href":"https:\/\/komlife.eu\/hu\/wp-json\/wp\/v2\/hlavna-kategoria?post=1117"}],"curies":[{"name":"wp","href":"https:\/\/api.w.org\/{rel}","templated":true}]}}