{"id":1110,"date":"2025-10-29T08:59:06","date_gmt":"2025-10-29T07:59:06","guid":{"rendered":"https:\/\/komlife.22projects.sk\/terhesseg-es-szulove-valas\/szules-utan\/szules-utani-adminisztrativ-teendok\/"},"modified":"2026-02-04T12:38:49","modified_gmt":"2026-02-04T11:38:49","slug":"szules-utani-adminisztrativ-teendok","status":"publish","type":"page","link":"https:\/\/komlife.eu\/hu\/terhesseg-es-szulove-valas\/szules-utan\/szules-utani-adminisztrativ-teendok\/","title":{"rendered":"Sz\u00fcl\u00e9s ut\u00e1ni adminisztrat\u00edv teend\u0151k"},"content":{"rendered":"\n<h3 class=\"wp-block-heading\">Kom\u00e1romi Anyak\u00f6nyvi Hivatal<\/h3>\n\n<p><strong>Kapcsolat:<\/strong> <a href=\"tel:421352851299\">+421 35 285 12 99<\/a>, <a href=\"tel:421352851298\">+421 35 285 12 98<\/a><\/p>\n\n<div class=\"wp-block-buttons is-layout-flex wp-block-buttons-is-layout-flex\">\n<div class=\"wp-block-button\"><a class=\"wp-block-button__link wp-element-button\" href=\"https:\/\/komarno.sk\/mestsky-urad-2\/matricny-urad\/\">Tov\u00e1bbi el\u00e9rhet\u0151s\u00e9gek<\/a><\/div>\n<\/div>\n\n<ul class=\"wp-block-list\">\n<li><strong>A gyermek anyak\u00f6nyvez\u00e9se<\/strong><br>Az \u00fajsz\u00fcl\u00f6tt els\u0151 bejegyz\u00e9se a K\u00f6zponti Anyak\u00f6nyvi Inform\u00e1ci\u00f3s Rendszerbe (CISMA) a k\u00f3rh\u00e1z elektronikus bejelent\u00e9se (\u00fan. eHon) \u00e9s a sz\u00fcl\u0151k \u00e1ltal al\u00e1\u00edrt, a gyermek nev\u00e9re \u00e9s csal\u00e1di nev\u00e9re vonatkoz\u00f3 meg\u00e1llapod\u00e1s alapj\u00e1n t\u00f6rt\u00e9nik.\n<ul class=\"wp-block-list\">\n<li>Az \u00e9desanya ezt a meg\u00e1llapod\u00e1st a k\u00f3rh\u00e1zban \u00edrja al\u00e1.<\/li>\n\n\n\n<li>Az apa al\u00e1\u00edrhatja k\u00f6zvetlen\u00fcl a k\u00f3rh\u00e1zban, vagy k\u00e9s\u0151bb az anyak\u00f6nyvi hivatalban.<br\/><\/li>\n<\/ul>\n<\/li>\n\n\n\n<li><strong>Sz\u00fclet\u00e9si anyak\u00f6nyvi kivonat<\/strong>\n<ul class=\"wp-block-list\">\n<li>Ha mindk\u00e9t sz\u00fcl\u0151 al\u00e1\u00edrja a meg\u00e1llapod\u00e1st a k\u00f3rh\u00e1zban, <strong>a sz\u00fclet\u00e9si anyak\u00f6nyvi kivonat post\u00e1n is kik\u00fcldhet\u0151.<\/strong><\/li>\n\n\n\n<li>Ha az apa nem \u00edrja al\u00e1 a k\u00f3rh\u00e1zban, szem\u00e9lyesen kell megjelennie <strong>az anyak\u00f6nyvi hivatalban<\/strong>, ahol \u00e1tveheti a kivonatot.<br\/><\/li>\n<\/ul>\n<\/li>\n<\/ul>\n\n<section class=\"wp-block-the-mighty22-tip mighty-tip\"><div class=\"mighty-tip__icon\" aria-hidden=\"true\"><img src=\"data:image\/svg+xml;base64,PHN2ZyB2aWV3Qm94PSIwIDAgNjkgMTAxIiBwcmVzZXJ2ZUFzcGVjdFJhdGlvPSJ4TWlkWU1pZCBtZWV0IiB4bWxucz0iaHR0cDovL3d3dy53My5vcmcvMjAwMC9zdmciPjxwYXRoIGQ9Ik0zNC41LDIwLjcxYy0xNi40MSwwLTI5Ljc3LDEzLjM2LTI5Ljc3LDI5Ljc5LDAsMTUuMjMsMTQuMTksMjIuNjgsMTQuMTksMzEuNTZ2OS42N2MwLDUuMTEsNC4xNiw5LjI3LDkuMjcsOS4yN2gxMi42MmM1LjExLDAsOS4yNy00LjE2LDkuMjctOS4yN3YtOS42N2MwLTguODgsMTQuMTktMTYuMzMsMTQuMTktMzEuNTYsMC0xNi40Mi0xMy4zNS0yOS43OS0yOS43Ny0yOS43OVpNNDQuMTYsOTEuNzNjMCwxLjg1LTEuNSwzLjM1LTMuMzUsMy4zNWgtMTIuNjJjLTEuODUsMC0zLjM1LTEuNS0zLjM1LTMuMzV2LTYuNzFoMTkuMzJ2Ni43MVpNNDQuNDcsNzkuMWgtNy4wMXYtMTEuOTNjMy42Ni0xLjI0LDYuMzEtNC43MSw2LjMxLTguNzgsMC0xLjYzLTEuMzItMi45Ni0yLjk2LTIuOTZzLTIuOTYsMS4zMi0yLjk2LDIuOTZjMCwxLjg1LTEuNSwzLjM1LTMuMzUsMy4zNXMtMy4zNS0xLjUtMy4zNS0zLjM1YzAtMS42My0xLjMyLTIuOTYtMi45Ni0yLjk2cy0yLjk2LDEuMzItMi45NiwyLjk2YzAsNC4wOCwyLjY0LDcuNTUsNi4zMSw4Ljc4djExLjkzaC03LjAxYy0yLjA5LTEwLjE3LTEzLjg5LTE2LjcxLTEzLjg5LTI4LjYsMC0xMy4xNiwxMC43LTIzLjg3LDIzLjg1LTIzLjg3czIzLjg2LDEwLjcxLDIzLjg2LDIzLjg3YzAsMTEuODktMTEuODEsMTguNDQtMTMuODksMjguNloiLz48cGF0aCBkPSJNMzQuNSwxNC4wMWMxLjYzLDAsMi45Ni0xLjMzLDIuOTYtMi45NlYyLjk2YzAtMS42My0xLjMyLTIuOTYtMi45Ni0yLjk2cy0yLjk2LDEuMzMtMi45NiwyLjk2djguMDljMCwxLjYzLDEuMzIsMi45NiwyLjk2LDIuOTZaIi8+PHBhdGggZD0iTTExLjM2LDIxLjAzYzEuMTUtMS4xNSwxLjE1LTMuMDMsMC00LjE4bC02LjMxLTYuMzFjLTEuMTUtMS4xNi0zLjAzLTEuMTYtNC4xOCwwLTEuMTYsMS4xNS0xLjE2LDMuMDMsMCw0LjE4bDYuMzEsNi4zMWMxLjE1LDEuMTYsMy4wMywxLjE2LDQuMTgsMFoiLz48cGF0aCBkPSJNNjguMTMsMTAuNTNjLTEuMTYtMS4xNi0zLjAzLTEuMTYtNC4xOCwwbC02LjMxLDYuMzFjLTEuMTUsMS4xNS0xLjE1LDMuMDMsMCw0LjE4LDEuMTYsMS4xNiwzLjAzLDEuMTYsNC4xOCwwbDYuMzEtNi4zMWMxLjE1LTEuMTYsMS4xNS0zLjAzLDAtNC4xOFoiLz48L3N2Zz4=\" alt=\"\" loading=\"lazy\" decoding=\"async\"><\/div><div class=\"mighty-tip__body\"><h3 class=\"mighty-tip__heading\">Tipp<\/h3><div class=\"mighty-tip__text\">A kom\u00e1romi Anyak\u00f6nyvi Hivatal szem\u00e9lyes felkeres\u00e9sekor a v\u00e1ros lakosai \u00fagynevezett <strong>\u201eindul\u00f3csomagot\u201d is kapnak az \u00fajsz\u00fcl\u00f6tt sz\u00e1m\u00e1ra<\/strong>, azonnal elint\u00e9zhetik <strong>a gyermek \u00e1lland\u00f3 lakc\u00edm\u00e9nek bejelent\u00e9s\u00e9t<\/strong>, \u00e9s tov\u00e1bbi hasznos inform\u00e1ci\u00f3kat is kaphatnak a baba sz\u00fclet\u00e9s\u00e9vel kapcsolatos teend\u0151kr\u0151l.<\/div><\/div><\/section>\n\n<p>Minden eset kiss\u00e9 elt\u00e9r\u0151 lehet \u2013 ez\u00e9rt javasoljuk, hogy<strong> el\u0151bb t\u00e1j\u00e9koz\u00f3djon az Anyak\u00f6nyvi Hivatalban<\/strong><\/p>\n\n<h3 class=\"wp-block-heading\">Lakoss\u00e1gi nyilv\u00e1ntart\u00e1s \u00e9s az \u00faj v\u00e1rosi polg\u00e1r els\u0151 hivatalos k\u00f6sz\u00f6nt\u00e9se<\/h3>\n\n<p><strong>Kontakt:<\/strong> <a href=\"tel:421352851304\">+421 35 285 13 04<\/a>, <a href=\"tel:421352851344\">+421 35 285 13 44<\/a><\/p>\n\n<p>A gyermek sz\u00fclet\u00e9se ut\u00e1n <strong>be kell jelenteni az \u00e1lland\u00f3 lakc\u00edmet.<\/strong> Ez szem\u00e9lyesen int\u00e9zhet\u0151 a v\u00e1rosi hivatalban, vagy ak\u00e1r \u00f6sszek\u00f6thet\u0151 az anyak\u00f6nyvi l\u00e1togat\u00e1ssal.<\/p>\n\n<p>Azok a sz\u00fcl\u0151k, akik szeretn\u00e9k, hogy gyermek\u00fcket hivatalosan is k\u00f6sz\u00f6nts\u00e9k Kom\u00e1rom \u00faj polg\u00e1rak\u00e9nt, <strong>felvehetik a kapcsolatot a Kult\u00fara-, Turizmus- \u00e9s M\u0171eml\u00e9kv\u00e9delmi Oszt\u00e1llyal<\/strong>, \u00e9s jelezhetik r\u00e9szv\u00e9teli sz\u00e1nd\u00e9kukat.<\/p>\n","protected":false},"excerpt":{"rendered":"<p>Kom\u00e1romi Anyak\u00f6nyvi Hivatal Kapcsolat: +421 35 285 12 99, +421 35 285 12 98 Minden eset kiss\u00e9 elt\u00e9r\u0151 lehet \u2013 ez\u00e9rt javasoljuk, hogy el\u0151bb t\u00e1j\u00e9koz\u00f3djon az Anyak\u00f6nyvi Hivatalban Lakoss\u00e1gi nyilv\u00e1ntart\u00e1s \u00e9s az \u00faj v\u00e1rosi polg\u00e1r els\u0151 hivatalos k\u00f6sz\u00f6nt\u00e9se Kontakt: +421 35 285 13 04, +421 35 285 13 44 A gyermek sz\u00fclet\u00e9se ut\u00e1n be kell [&hellip;]<\/p>\n","protected":false},"author":2,"featured_media":860,"parent":1104,"menu_order":0,"comment_status":"closed","ping_status":"closed","template":"","meta":{"_acf_changed":false,"footnotes":""},"hlavna-kategoria":[],"class_list":["post-1110","page","type-page","status-publish","has-post-thumbnail","hentry"],"acf":[],"_links":{"self":[{"href":"https:\/\/komlife.eu\/hu\/wp-json\/wp\/v2\/pages\/1110","targetHints":{"allow":["GET"]}}],"collection":[{"href":"https:\/\/komlife.eu\/hu\/wp-json\/wp\/v2\/pages"}],"about":[{"href":"https:\/\/komlife.eu\/hu\/wp-json\/wp\/v2\/types\/page"}],"author":[{"embeddable":true,"href":"https:\/\/komlife.eu\/hu\/wp-json\/wp\/v2\/users\/2"}],"replies":[{"embeddable":true,"href":"https:\/\/komlife.eu\/hu\/wp-json\/wp\/v2\/comments?post=1110"}],"version-history":[{"count":6,"href":"https:\/\/komlife.eu\/hu\/wp-json\/wp\/v2\/pages\/1110\/revisions"}],"predecessor-version":[{"id":1820,"href":"https:\/\/komlife.eu\/hu\/wp-json\/wp\/v2\/pages\/1110\/revisions\/1820"}],"up":[{"embeddable":true,"href":"https:\/\/komlife.eu\/hu\/wp-json\/wp\/v2\/pages\/1104"}],"wp:featuredmedia":[{"embeddable":true,"href":"https:\/\/komlife.eu\/hu\/wp-json\/wp\/v2\/media\/860"}],"wp:attachment":[{"href":"https:\/\/komlife.eu\/hu\/wp-json\/wp\/v2\/media?parent=1110"}],"wp:term":[{"taxonomy":"hlavna-kategoria","embeddable":true,"href":"https:\/\/komlife.eu\/hu\/wp-json\/wp\/v2\/hlavna-kategoria?post=1110"}],"curies":[{"name":"wp","href":"https:\/\/api.w.org\/{rel}","templated":true}]}}